{"id":111,"date":"2017-01-22T11:56:53","date_gmt":"2017-01-22T10:56:53","guid":{"rendered":"http:\/\/www.kinderkrankenhaus-landshut.de\/ru\/?page_id=111"},"modified":"2017-03-23T16:06:50","modified_gmt":"2017-03-23T15:06:50","slug":"%d0%b7%d0%b0%d0%b1%d0%be%d0%bb%d0%b5%d0%b2%d0%b0%d0%bd%d0%b8%d1%8f-%d0%be%d1%80%d0%b3%d0%b0%d0%bd%d0%be%d0%b2-%d0%b4%d1%8b%d1%85%d0%b0%d0%bd%d0%b8%d1%8f-atemwegserkrankungen","status":"publish","type":"page","link":"https:\/\/www.kinderkrankenhaus-landshut.de\/ru\/%d0%b7%d0%b0%d0%b1%d0%be%d0%bb%d0%b5%d0%b2%d0%b0%d0%bd%d0%b8%d1%8f-%d0%be%d1%80%d0%b3%d0%b0%d0%bd%d0%be%d0%b2-%d0%b4%d1%8b%d1%85%d0%b0%d0%bd%d0%b8%d1%8f-atemwegserkrankungen\/","title":{"rendered":"\u0437\u0430\u0431\u043e\u043b\u0435\u0432\u0430\u043d\u0438\u044f \u043e\u0440\u0433\u0430\u043d\u043e\u0432 \u0434\u044b\u0445\u0430\u043d\u0438\u044f"},"content":{"rendered":"<div class=\"twoclick_social_bookmarks_post_111 social_share_privacy clearfix 1.6.4 locale-de_DE sprite-de_DE\"><\/div><div class=\"twoclick-js\"><script type=\"text\/javascript\">\/* <![CDATA[ *\/\njQuery(document).ready(function($){if($('.twoclick_social_bookmarks_post_111')){$('.twoclick_social_bookmarks_post_111').socialSharePrivacy({\"txt_help\":\"Wenn Sie diese Felder durch einen Klick aktivieren, werden Informationen an Facebook, Twitter, Flattr, Xing, t3n, LinkedIn, Pinterest oder Google eventuell ins Ausland \\u00fcbertragen und unter Umst\\u00e4nden auch dort gespeichert. N\\u00e4heres erfahren Sie durch einen Klick auf das <em>i<\\\/em>.\",\"settings_perma\":\"Dauerhaft aktivieren und Daten\\u00fcber-tragung zustimmen:\",\"info_link\":\"http:\\\/\\\/www.heise.de\\\/ct\\\/artikel\\\/2-Klicks-fuer-mehr-Datenschutz-1333879.html\",\"uri\":\"https:\\\/\\\/www.kinderkrankenhaus-landshut.de\\\/ru\\\/%d0%b7%d0%b0%d0%b1%d0%be%d0%bb%d0%b5%d0%b2%d0%b0%d0%bd%d0%b8%d1%8f-%d0%be%d1%80%d0%b3%d0%b0%d0%bd%d0%be%d0%b2-%d0%b4%d1%8b%d1%85%d0%b0%d0%bd%d0%b8%d1%8f-atemwegserkrankungen\\\/\",\"post_id\":111,\"post_title_referrer_track\":\"%D0%B7%D0%B0%D0%B1%D0%BE%D0%BB%D0%B5%D0%B2%D0%B0%D0%BD%D0%B8%D1%8F+%D0%BE%D1%80%D0%B3%D0%B0%D0%BD%D0%BE%D0%B2+%D0%B4%D1%8B%D1%85%D0%B0%D0%BD%D0%B8%D1%8F\",\"display_infobox\":\"on\"});}});\n\/* ]]> *\/<\/script><\/div><p>\u041c\u044b \u043f\u0440\u0438\u043d\u0438\u043c\u0430\u0435\u043c \u0434\u0435\u0442\u0435\u0439 \u0438 \u043f\u043e\u0434\u0440\u043e\u0441\u0442\u043a\u043e\u0432 \u0441 \u0430\u043b\u043b\u0435\u0440\u0433\u0438\u0435\u0439 \u0438 \u0437\u0430\u0431\u043e\u043b\u0435\u0432\u0430\u043d\u0438\u044f\u043c\u0438 \u043e\u0440\u0433\u0430\u043d\u043e\u0432 \u0434\u044b\u0445\u0430\u043d\u0438\u044f \u0432\u0441\u0435\u0445 \u0432\u043e\u0437\u0440\u0430\u0441\u0442\u043e\u0432.<\/p>\n<p><a href=\"http:\/\/www.kinderkrankenhaus-landshut.de\/ru\/\">\u0414\u0438\u0430\u0433\u043d\u043e\u0441\u0442\u0438\u043a\u0430 \u0434\u044b\u0445\u0430\u0442\u0435\u043b\u044c\u043d\u043e\u0439 \u0441\u0438\u0441\u0442\u0435\u043c\u044b \u0443 \u0434\u0435\u0442\u0435\u0439<\/a><\/p>\n<p><a href=\"http:\/\/www.kinderkrankenhaus-landshut.de\/ru\/\">\u0414\u0435\u0442\u0441\u043a\u0430\u044f \u043f\u0440\u043e\u0433\u0440\u0430\u043c\u043c\u0430 \u043e\u0431\u0449\u0435\u0439 \u0434\u0438\u0430\u0433\u043d\u043e\u0441\u0442\u0438\u043a\u0438<\/a><\/p>\n<p><img decoding=\"async\" class=\"alignnone size-full wp-image-552\" src=\"http:\/\/www.kinderkrankenhaus-landshut.de\/wp-content\/uploads\/2013\/10\/Dr_Diemut_Glatz.jpg\" alt=\"Dr_Diemut_Glatz\" height=\"279\" width=\"209\"><\/p>\n<p><strong>Leitung<\/strong><br \/>\nDr. Diemut Glatz<br \/>\nFach\u00e4rztin f\u00fcr Kinder- und Jugendmedizin<br \/>\nSprechstunde f\u00fcr Kinder mit Atemwegserkrankungen<br \/>\nQualifizierte Asthmatrainerin<\/p>\n<table style=\"height: 57px;\" width=\"434\">\n<tbody>\n<tr style=\"height: 0px;\">\n<td style=\"width: 424px; height: 0px;\" colspan=\"2\"><strong>\u041a\u043e\u043d\u0442\u0430\u043a\u0442<\/strong><\/td>\n<\/tr>\n<tr style=\"height: 0px;\">\n<td style=\"width: 424px; height: 0px;\" colspan=\"2\">\u043a\u043e\u043e\u043f\u0435\u0440\u0430\u0446\u0438\u043e\u043d\u043d\u044b\u0439 \u043f\u0430\u0440\u0442\u043d\u0435\u0440 <strong>H<\/strong>ealth <strong>S<\/strong>ervice Bayern<\/td>\n<\/tr>\n<tr style=\"height: 30.81px;\">\n<td style=\"width: 209px; height: 30.81px;\">\u0422\u0435\u043b\u0435\u0444\u043e\u043d<\/td>\n<td style=\"width: 209px; height: 30.81px;\">+49 (0) 871 852 10 05<\/td>\n<\/tr>\n<tr style=\"height: 30.81px;\">\n<td style=\"width: 209px; height: 30.81px;\">&nbsp;<\/td>\n<td style=\"width: 209px; height: 30.81px;\"><a href=\"mailto:info.kkh@st-marien-la.de\">info.kkh@st-marien-la.de<\/a><\/td>\n<\/tr>\n<\/tbody>\n<\/table>\n<p style=\"text-align: center;\"><span style=\"font-size: 14pt;\">&nbsp;<\/span><\/p>\n<p>&nbsp;<\/p>\n<h2 style=\"text-align: center;\"><span style=\"font-size: 14pt;\">\u041c\u044b \u043f\u0440\u0438\u043d\u0438\u043c\u0430\u0435\u043c \u0434\u0435\u0442\u0435\u0439 \u0441\u043e \u0441\u043b\u0435\u0434\u0443\u044e\u0449\u0438\u043c\u0438 \u0437\u0430\u0431\u043e\u043b\u0435\u0432\u0430\u043d\u0438\u044f\u043c\u0438:<\/span><\/h2>\n<p><i class=\"fa fa-info-circle\" style=\"font-size:30px;color:#0098a5\"><\/i> \u0427\u0430\u0441\u0442\u044b\u043c\u0438 \u0437\u0430\u0431\u043e\u043b\u0435\u0432\u0430\u043d\u0438\u044f\u043c\u0438 \u0432 \u044d\u0442\u043e\u0439 \u043e\u0431\u043b\u0430\u0441\u0442\u0438 \u044f\u0432\u043b\u044f\u044e\u0442\u0441\u044f \u0441\u043f\u0430\u0441\u0442\u0438\u0447\u0435\u0441\u043a\u0438\u0439 \u0431\u0440\u043e\u043d\u0445\u0438\u0442<br \/>\n<i class=\"fa fa-info-circle\" style=\"font-size:30px;color:#0098a5\"><\/i> \u0432\u043e\u0441\u043f\u0430\u043b\u0435\u043d\u0438\u0435 \u043c\u0435\u043b\u043a\u0438\u0445 \u0434\u044b\u0445\u0430\u0442\u0435\u043b\u044c\u043d\u044b\u0445 \u043f\u0443\u0442\u0435\u0439 \u0420\u0421\u0412 \u0432\u0438\u0440\u0443\u0441\u0430\u043c\u0438<br \/>\n<i class=\"fa fa-info-circle\" style=\"font-size:30px;color:#0098a5\"><\/i> \u0430\u0441\u0442\u043c\u0430<br \/>\n<i class=\"fa fa-info-circle\" style=\"font-size:30px;color:#0098a5\"><\/i> \u0432\u043e\u0441\u043f\u0430\u043b\u0435\u043d\u0438\u0435 \u043b\u0435\u0433\u043a\u0438\u0445<br \/>\n<i class=\"fa fa-info-circle\" style=\"font-size:30px;color:#0098a5\"><\/i> \u0414\u043b\u044f \u0434\u0430\u043b\u044c\u043d\u0435\u0439\u0448\u0435\u0439 \u0434\u0438\u0430\u0433\u043d\u043e\u0441\u0442\u0438\u043a\u0438 \u043c\u044b \u0438\u0441\u043f\u043e\u043b\u044c\u0437\u0443\u0435\u043c \u0442\u0435\u0441\u0442 \u0444\u0443\u043d\u043a\u0446\u0438\u0438 \u043b\u043b\u0435\u0433\u043a\u0438\u0445, \u043f\u043e\u0442\u043e\u0432\u044b\u0439 \u0442\u0435\u0441\u0442(\u0438\u043e\u043d\u043e\u0444\u043e\u0440\u0435\u0437), \u0431\u0440\u043e\u043d\u0445\u043e\u0441\u043a\u043e\u043f\u0438\u044e  \u0440\u0435\u043d\u0442\u0433\u0435\u043d<br \/>\n<i class=\"fa fa-info-circle\" style=\"font-size:30px;color:#0098a5\"><\/i> \u0422\u043e\u0447\u043d\u043e \u0442\u0430\u043a \u0436\u0435, \u043c\u044b \u043f\u0440\u043e\u0432\u043e\u0434\u0438\u043c \u043a\u043e\u0436\u043d\u044b\u0439 \u0442\u0435\u0441\u0442 \u0438 \u0430\u043d\u0430\u043b\u0438\u0437 \u043a\u0440\u043e\u0432\u0438 \u0434\u043b\u044f \u0432\u044b\u044f\u0432\u043b\u0435\u043d\u0438\u044f \u0440\u0435\u0430\u043a\u0446\u0438\u0438 \u0441\u0435\u043d\u0441\u0438\u0431\u0438\u043b\u0438\u0437\u0430\u0446\u0438\u0438 \u043d\u0430 \u043a\u043e\u043d\u043a\u0440\u0435\u0442\u043d\u044b\u0435 \u0430\u043b\u043b\u0435\u0440\u0433\u0435\u043d\u044b<br \/>\n<i class=\"fa fa-info-circle\" style=\"font-size:30px;color:#0098a5\"><\/i> \u041f\u0440\u0438 \u043f\u0435\u0440\u0432\u0438\u0447\u043d\u043e\u0439 \u0434\u0438\u0430\u0433\u043d\u043e\u0441\u0442\u0438\u043a\u0438 \u0430\u0441\u0442\u043c\u044b \u043c\u044b \u043f\u0440\u0435\u0434\u043b\u0430\u0433\u0430\u0435\u043c \u0441\u0442\u0430\u0446\u0438\u043e\u043d\u0430\u0440\u043d\u043e\u0435 \u0431\u0430\u0437\u043e\u0432\u043e\u0435 \u043e\u0431\u0443\u0447\u0435\u043d\u0438\u0435 \u0442\u0430\u043a\u0438\u043c \u043f\u0430\u0446\u0438\u0435\u043d\u0442\u0430\u043c<\/p>\n","protected":false},"excerpt":{"rendered":"<p>\u041c\u044b \u043f\u0440\u0438\u043d\u0438\u043c\u0430\u0435\u043c \u0434\u0435\u0442\u0435\u0439 \u0438 \u043f\u043e\u0434\u0440\u043e\u0441\u0442\u043a\u043e\u0432 \u0441 \u0430\u043b\u043b\u0435\u0440\u0433\u0438\u0435\u0439 \u0438 \u0437\u0430\u0431\u043e\u043b\u0435\u0432\u0430\u043d\u0438\u044f\u043c\u0438 \u043e\u0440\u0433\u0430\u043d\u043e\u0432 \u0434\u044b\u0445\u0430\u043d\u0438\u044f \u0432\u0441\u0435\u0445 \u0432\u043e\u0437\u0440\u0430\u0441\u0442\u043e\u0432. \u0414\u0438\u0430\u0433\u043d\u043e\u0441\u0442\u0438\u043a\u0430 \u0434\u044b\u0445\u0430\u0442\u0435\u043b\u044c\u043d\u043e\u0439 \u0441\u0438\u0441\u0442\u0435\u043c\u044b \u0443 \u0434\u0435\u0442\u0435\u0439 \u0414\u0435\u0442\u0441\u043a\u0430\u044f \u043f\u0440\u043e\u0433\u0440\u0430\u043c\u043c\u0430 \u043e\u0431\u0449\u0435\u0439 \u0434\u0438\u0430\u0433\u043d\u043e\u0441\u0442\u0438\u043a\u0438 Leitung Dr. Diemut Glatz Fach\u00e4rztin f\u00fcr Kinder- und Jugendmedizin Sprechstunde f\u00fcr Kinder mit Atemwegserkrankungen Qualifizierte Asthmatrainerin \u041a\u043e\u043d\u0442\u0430\u043a\u0442 \u043a\u043e\u043e\u043f\u0435\u0440\u0430\u0446\u0438\u043e\u043d\u043d\u044b\u0439 \u043f\u0430\u0440\u0442\u043d\u0435\u0440 Health Service Bayern \u0422\u0435\u043b\u0435\u0444\u043e\u043d +49 (0) 871 852 10 05 &nbsp; info.kkh@st-marien-la.de &nbsp; &nbsp; [&hellip;]<\/p>\n","protected":false},"author":10,"featured_media":0,"parent":0,"menu_order":8,"comment_status":"closed","ping_status":"closed","template":"","meta":{"inline_featured_image":false,"footnotes":""},"class_list":["post-111","page","type-page","status-publish","hentry"],"publishpress_future_action":{"enabled":false,"date":"2026-05-04 13:23:46","action":"change-status","newStatus":"draft","terms":[],"taxonomy":""},"publishpress_future_workflow_manual_trigger":{"enabledWorkflows":[]},"_links":{"self":[{"href":"https:\/\/www.kinderkrankenhaus-landshut.de\/ru\/wp-json\/wp\/v2\/pages\/111"}],"collection":[{"href":"https:\/\/www.kinderkrankenhaus-landshut.de\/ru\/wp-json\/wp\/v2\/pages"}],"about":[{"href":"https:\/\/www.kinderkrankenhaus-landshut.de\/ru\/wp-json\/wp\/v2\/types\/page"}],"author":[{"embeddable":true,"href":"https:\/\/www.kinderkrankenhaus-landshut.de\/ru\/wp-json\/wp\/v2\/users\/10"}],"replies":[{"embeddable":true,"href":"https:\/\/www.kinderkrankenhaus-landshut.de\/ru\/wp-json\/wp\/v2\/comments?post=111"}],"version-history":[{"count":18,"href":"https:\/\/www.kinderkrankenhaus-landshut.de\/ru\/wp-json\/wp\/v2\/pages\/111\/revisions"}],"predecessor-version":[{"id":454,"href":"https:\/\/www.kinderkrankenhaus-landshut.de\/ru\/wp-json\/wp\/v2\/pages\/111\/revisions\/454"}],"wp:attachment":[{"href":"https:\/\/www.kinderkrankenhaus-landshut.de\/ru\/wp-json\/wp\/v2\/media?parent=111"}],"curies":[{"name":"wp","href":"https:\/\/api.w.org\/{rel}","templated":true}]}}